{"id":6,"date":"2015-02-27T09:51:23","date_gmt":"2015-02-27T09:51:23","guid":{"rendered":"http:\/\/christophedubois.fr\/WordPress\/?page_id=6"},"modified":"2023-08-05T15:37:58","modified_gmt":"2023-08-05T15:37:58","slug":"accueil","status":"publish","type":"page","link":"https:\/\/gitelabellevue.fr\/","title":{"rendered":"Accueil"},"content":{"rendered":"<p style=\"text-align: center;\"><em><span style=\"font-size: 16px;\">Face aux coteaux calcaires de Wavrans sur\u00a0<\/span><\/em><span style=\"font-family: georgia, palatino, serif;\"><em><span style=\"font-size: 16px;\">l&rsquo;Aa et au c\u0153ur du parc naturel r\u00e9gional des Caps et Marais d&rsquo;opale, notre g\u00eete est id\u00e9alement situ\u00e9 pour visiter notre belle r\u00e9gion du Nord Pas de Calais. <\/span><\/em><\/span><span style=\"font-family: georgia, palatino, serif;\"><em><span style=\"font-size: 16px;\">L&rsquo;environnement du g\u00eete garantit le calme et\u00a0 la s\u00e9r\u00e9nit\u00e9 : un petit hameau de 4 habitations surplombant la vall\u00e9e de l&rsquo;Aa. Aussi le nom \u00ab\u00a0La Belle Vue\u00a0\u00bb a \u00e9t\u00e9 choisi pour \u00e9voquer le panorama exceptionnel que l&rsquo;on peut y admirer.\u00a0<\/span><\/em><\/span><span style=\"font-family: georgia, palatino, serif;\"><em><span style=\"font-size: 16px;\">Nous vous souhaitons une bonne visite sur notre site et esp\u00e9rons qu&rsquo;il vous donnera envie de venir\u00a0 vous ressourcer dans notre g\u00eete, entre terre et mer, entre notre c\u00f4te d&rsquo;Opale et nos\u00a0 Flandres.<\/span><\/em><\/span><\/p>\n<p style=\"text-align: center;\"><img loading=\"lazy\" decoding=\"async\" class=\"alignnone size-full wp-image-630\" src=\"http:\/\/christophedubois.fr\/WordPress\/wp-content\/uploads\/2015\/02\/logo101.jpg\" alt=\"logo101\" width=\"1987\" height=\"964\" srcset=\"https:\/\/christophedubois.fr\/WordPress\/wp-content\/uploads\/2015\/02\/logo101.jpg 1987w, https:\/\/christophedubois.fr\/WordPress\/wp-content\/uploads\/2015\/02\/logo101-768x373.jpg 768w\" sizes=\"auto, (max-width: 1987px) 100vw, 1987px\" \/><\/p>\n<h2 style=\"text-align: center;\"><\/h2>\n<p style=\"text-align: center;\"><span style=\"font-size: 28px;\"><em><span style=\"font-family: helvetica, arial, sans-serif;\">Visitez le g\u00eete comme si vous y \u00e9tiez avec notre visite virtuelle :\u00a0<\/span><\/em><\/span><\/p>\n<p><iframe loading=\"lazy\" style=\"border: none #000000;\" src=\"https:\/\/christophedubois.fr\/WordPress\/visitevirtuelle\/\" name=\"myIFrame\" width=\"1200px\" height=\"900px\" align=\"center\"><span data-mce-type=\"bookmark\" style=\"display: inline-block; width: 0px; overflow: hidden; line-height: 0;\" class=\"mce_SELRES_start\">\ufeff<\/span><\/iframe><\/p>\n<p style=\"text-align: center;\">Vous pouvez vous d\u00e9placer\u00a0 en utilisant soit votre souris\u00a0soit les fl\u00e8ches jaunes en bas de l\u2019image.<br \/>\nPour sortir d\u2019une pi\u00e8ce, cliquez sur la fl\u00e8che verte ou cliquez sur le bouton jaune : \u00ab\u00a0diaporama suivant\u00a0\u00bb en bas de l\u2019image.<\/p>\n<p style=\"text-align: center;\">Deux \u00e9l\u00e9ments ne sont pas visibles : un BZ\u00a0 dans la salle \u00e0 manger (couchage 2 places) , et la partie haute du lit superpos\u00e9 de la chambre \u00ab\u00a0Flandres\u00a0\u00bb<\/p>\n<p>&nbsp;<\/p>\n<p>&nbsp;<\/p>\n<h1 style=\"text-align: center;\">L&rsquo;avis des vacanciers :<\/h1>\n<p><img loading=\"lazy\" decoding=\"async\" class=\"alignnone size-full wp-image-637\" src=\"http:\/\/christophedubois.fr\/WordPress\/wp-content\/uploads\/2015\/02\/synthese-avis.png\" alt=\"synthese-avis\" width=\"1714\" height=\"504\" srcset=\"https:\/\/christophedubois.fr\/WordPress\/wp-content\/uploads\/2015\/02\/synthese-avis.png 1714w, https:\/\/christophedubois.fr\/WordPress\/wp-content\/uploads\/2015\/02\/synthese-avis-768x226.png 768w\" sizes=\"auto, (max-width: 1714px) 100vw, 1714px\" \/><\/p>\n<p style=\"text-align: center;\">Vous trouverez le d\u00e9tail des avis dans la rubrique pr\u00e9sentation &#8211; avis des vacanciers<\/p>\n","protected":false},"excerpt":{"rendered":"<p>Face aux coteaux calcaires de Wavrans sur\u00a0l&rsquo;Aa et au c\u0153ur du parc naturel r\u00e9gional des Caps et Marais d&rsquo;opale, notre g\u00eete est id\u00e9alement situ\u00e9 pour visiter notre belle r\u00e9gion du Nord Pas de Calais. L&rsquo;environnement du g\u00eete garantit le calme et\u00a0 la s\u00e9r\u00e9nit\u00e9 : un petit hameau de 4 habitations surplombant la vall\u00e9e de l&rsquo;Aa. [&hellip;]<\/p>\n","protected":false},"author":1,"featured_media":0,"parent":0,"menu_order":0,"comment_status":"closed","ping_status":"closed","template":"","meta":{"footnotes":""},"class_list":["post-6","page","type-page","status-publish","hentry","entry"],"_links":{"self":[{"href":"https:\/\/gitelabellevue.fr\/index.php?rest_route=\/wp\/v2\/pages\/6","targetHints":{"allow":["GET"]}}],"collection":[{"href":"https:\/\/gitelabellevue.fr\/index.php?rest_route=\/wp\/v2\/pages"}],"about":[{"href":"https:\/\/gitelabellevue.fr\/index.php?rest_route=\/wp\/v2\/types\/page"}],"author":[{"embeddable":true,"href":"https:\/\/gitelabellevue.fr\/index.php?rest_route=\/wp\/v2\/users\/1"}],"replies":[{"embeddable":true,"href":"https:\/\/gitelabellevue.fr\/index.php?rest_route=%2Fwp%2Fv2%2Fcomments&post=6"}],"version-history":[{"count":78,"href":"https:\/\/gitelabellevue.fr\/index.php?rest_route=\/wp\/v2\/pages\/6\/revisions"}],"predecessor-version":[{"id":743,"href":"https:\/\/gitelabellevue.fr\/index.php?rest_route=\/wp\/v2\/pages\/6\/revisions\/743"}],"wp:attachment":[{"href":"https:\/\/gitelabellevue.fr\/index.php?rest_route=%2Fwp%2Fv2%2Fmedia&parent=6"}],"curies":[{"name":"wp","href":"https:\/\/api.w.org\/{rel}","templated":true}]}}